{"id":1087,"date":"2022-09-08T12:57:35","date_gmt":"2022-09-08T10:57:35","guid":{"rendered":"https:\/\/coastday.net\/?page_id=1087"},"modified":"2022-09-08T17:39:36","modified_gmt":"2022-09-08T15:39:36","slug":"pays-daccueil","status":"publish","type":"page","link":"https:\/\/coastday.net\/index.php\/fr\/pays-daccueil\/","title":{"rendered":"Pays d&#8217;accueil"},"content":{"rendered":"<p>[et_pb_section fb_built=&#8221;1&#8243; _builder_version=&#8221;4.9.2&#8243; _module_preset=&#8221;default&#8221; background_color=&#8221;rgba(0,0,0,0.34)&#8221; background_image=&#8221;https:\/\/coastday.net\/wp-content\/uploads\/2022\/09\/Belyounech-24.jpg&#8221; parallax=&#8221;on&#8221; background_enable_video_mp4=&#8221;off&#8221; custom_padding=&#8221;||86px|||&#8221; bottom_divider_style=&#8221;wave&#8221; bottom_divider_color=&#8221;#0b61ab&#8221; hover_enabled=&#8221;0&#8243; locked=&#8221;off&#8221; title_text=&#8221;Belyounech (24)&#8221; sticky_enabled=&#8221;0&#8243; parallax_method=&#8221;off&#8221;][et_pb_row _builder_version=&#8221;4.9.2&#8243; _module_preset=&#8221;default&#8221;][et_pb_column type=&#8221;4_4&#8243; _builder_version=&#8221;4.9.2&#8243; _module_preset=&#8221;default&#8221;][et_pb_image src=&#8221;https:\/\/coastday.net\/wp-content\/uploads\/2021\/09\/LOGO-COD.png&#8221; alt=&#8221;LOGO COAST DAY&#8221; title_text=&#8221;LOGO MED COASTDAY&#8221; align=&#8221;center&#8221; _builder_version=&#8221;4.9.2&#8243; _module_preset=&#8221;default&#8221; module_alignment=&#8221;center&#8221; max_height=&#8221;195px&#8221;][\/et_pb_image][\/et_pb_column][\/et_pb_row][\/et_pb_section][et_pb_section fb_built=&#8221;1&#8243; _builder_version=&#8221;4.9.2&#8243; _module_preset=&#8221;default&#8221; background_color=&#8221;#FFFFFF&#8221; use_background_color_gradient=&#8221;on&#8221; background_color_gradient_start=&#8221;#0b61ab&#8221; background_color_gradient_end=&#8221;#e2ba73&#8243; custom_margin=&#8221;-11px|||||&#8221; custom_padding=&#8221;21px||0px|||&#8221; hover_enabled=&#8221;0&#8243; locked=&#8221;off&#8221; background_color_gradient_start_position=&#8221;15%&#8221; sticky_enabled=&#8221;0&#8243;][et_pb_row _builder_version=&#8221;4.9.2&#8243; _module_preset=&#8221;default&#8221; custom_padding=&#8221;||0px|||&#8221;][et_pb_column type=&#8221;4_4&#8243; _builder_version=&#8221;4.9.2&#8243; _module_preset=&#8221;default&#8221;][et_pb_text _builder_version=&#8221;4.9.2&#8243; _module_preset=&#8221;default&#8221; text_font=&#8221;|600||on|||||&#8221; text_text_color=&#8221;#FFFFFF&#8221; text_font_size=&#8221;24px&#8221; custom_margin=&#8221;||5px|||&#8221; custom_padding=&#8221;||14px|||&#8221;]<\/p>\n<p><span>Le CAR\/PAP accompagne la r\u00e9gion Tanger-T\u00e9touan-Al Hoce\u00efma (TTA) au Maroc<\/span><\/p>\n<p>[\/et_pb_text][et_pb_text _builder_version=&#8221;4.9.2&#8243; _module_preset=&#8221;default&#8221; text_font=&#8221;|600|||||||&#8221; text_text_color=&#8221;#FFFFFF&#8221; text_font_size=&#8221;24px&#8221; custom_margin=&#8221;-12px||5px|||&#8221; custom_padding=&#8221;||14px|||&#8221;]<\/p>\n<p><span>dans l\u2019\u00e9laboration d\u2019un plan c\u00f4tier\/Sch\u00e9ma r\u00e9gional du littoral\u00a0<\/span><\/p>\n<p>[\/et_pb_text][et_pb_text _builder_version=&#8221;4.9.2&#8243; _module_preset=&#8221;default&#8221; text_font=&#8221;Titillium Web||||||||&#8221; text_text_color=&#8221;#FFFFFF&#8221; text_font_size=&#8221;18px&#8221; header_font=&#8221;Titillium Web||||||||&#8221; header_text_color=&#8221;#FFFFFF&#8221; custom_padding=&#8221;||2px|||&#8221;]<\/p>\n<p><span>Le <strong>Maroc<\/strong> est en partie g\u00e9ographiquement et enti\u00e8rement culturellement immerg\u00e9 dans la M\u00e9diterran\u00e9e. Il est d\u2019ailleurs un exemple parfait de l&#8217;essence m\u00e9diterran\u00e9enne. Sa r\u00e9putation date de l&#8217;\u00e9poque m\u00e9di\u00e9vale, lors de laquelle Ibn Batt\u016btah le d\u00e9crivait d\u00e9j\u00e0 comme &#8220;le meilleur des pays, car les fruits et l&#8217;eau y sont abondants, et les aliments nourrissants ne sont jamais \u00e9puis\u00e9s&#8221;. Situ\u00e9e dans le Nord, la r\u00e9gion Tanger-T\u00e9touan-Al Hoce\u00efma, fait face au d\u00e9troit de Gibraltar et \u00e0 l&#8217;Europe, entre oc\u00e9an Atlantique et mer M\u00e9diterran\u00e9e. <\/span><\/p>\n<p>[\/et_pb_text][et_pb_toggle title=&#8221;En savoir plus&#8221; open_toggle_text_color=&#8221;RGBA(0,0,0,0)&#8221; open_toggle_background_color=&#8221;RGBA(0,0,0,0)&#8221; closed_toggle_background_color=&#8221;RGBA(0,0,0,0)&#8221; icon_color=&#8221;#FFFFFF&#8221; _builder_version=&#8221;4.9.2&#8243; _module_preset=&#8221;default&#8221; title_text_color=&#8221;#FFFFFF&#8221; title_font=&#8221;Titillium Web|600|||||||&#8221; title_font_size=&#8221;15px&#8221; body_font=&#8221;Titillium Web||||||||&#8221; body_text_color=&#8221;#FFFFFF&#8221; body_font_size=&#8221;17px&#8221; custom_padding=&#8221;9px||9px||true|&#8221; border_radii=&#8221;on|30px|30px|30px|30px&#8221; locked=&#8221;off&#8221;]<\/p>\n<p><span>Le bassin m\u00e9diterran\u00e9en est l&#8217;un des berceaux de la civilisation et a toujours \u00e9t\u00e9 un p\u00f4le migratoire attractif, en d\u00e9pit du fait qu\u2019il est tr\u00e8s expos\u00e9 aux al\u00e9as naturels. Il est malheureusement pr\u00e9vu que la r\u00e9gion connaisse la plus forte augmentation de la fr\u00e9quence d&#8217;occurrence des \u00e9v\u00e9nements extr\u00eames dus au changement climatique. La situation est d\u2019autant plus inqui\u00e9tante que l&#8217;on constate une augmentation r\u00e9gionale de la population ainsi que de l&#8217;utilisation de l&#8217;espace, et de la zone c\u00f4ti\u00e8re en particulier. Les c\u00f4tes de la r\u00e9gion de TTA connaissent une forte urbanisation, ne laissant pas la possibilit\u00e9 aux plages et aux zones humides de s&#8217;adapter aux changements pr\u00e9sents et futurs que subit l\u2019environnement. La r\u00e9gion de TTA est aussi l&#8217;une des r\u00e9gions les plus peupl\u00e9es du Maroc, avec une densit\u00e9 qui est plus de quatre fois sup\u00e9rieure \u00e0 la moyenne nationale.<\/span><\/p>\n<p><span>En d\u00e9pit des al\u00e9as naturels et des divers d\u00e9fis rencontr\u00e9s pendant des si\u00e8cles, les habitants de la r\u00e9gion vivent et survivent gr\u00e2ce \u00e0 ce territoire, et ils y sont attach\u00e9s \u00e9conomiquement. Le Maroc conserve, dans sa modernit\u00e9, des composantes traditionnelles tr\u00e8s fortes. <\/span><\/p>\n<p><span>Afin de pouvoir continuer \u00e0 vivre dans la r\u00e9gion en d\u00e9pit des changements qu\u2019elle rencontre, le d\u00e9veloppement doit \u00eatre durable, en pr\u00eatant attention \u00e0 une soci\u00e9t\u00e9 \u00e9quitable, \u00e0 un d\u00e9veloppement \u00e9conomique \u00e9quilibr\u00e9 et \u00e0 la protection de la nature. Le Royaume du Maroc est conscient de la n\u00e9cessit\u00e9 de la durabilit\u00e9, et porte une attention particuli\u00e8re \u00e0 ses c\u00f4tes. En 2015, le Royaume a adopt\u00e9 la loi 81-12 relative au littoral. Ce nouveau texte est conforme aux principales orientations et r\u00e8gles de base de la gestion int\u00e9gr\u00e9e des zones c\u00f4ti\u00e8res (GIZC), telles que stipul\u00e9es dans le Protocole GIZC de la Convention de Barcelone. La loi exige l&#8217;\u00e9laboration d&#8217;un Plan national du littoral (PNL) et de Sch\u00e9mas r\u00e9gionaux du littoral (SRL), en tenant compte des limitations de la zone non constructible et des zones dans lesquelles certaines activit\u00e9s sont interdites ou soumises \u00e0 certaines restrictions, et \u00ab adoptant une approche de gestion int\u00e9gr\u00e9e qui prend en compte l&#8217;\u00e9cosyst\u00e8me c\u00f4tier et le changement climatique \u00bb. Cette volont\u00e9 politique est \u00e0 la base de ce projet d&#8217;\u00e9laboration du plan littoral \u2013 SRL TTA.<\/span><\/p>\n<p><span>Le MedProgramme, le &#8220;Programme pour la mer M\u00e9diterran\u00e9e&#8221;, est une initiative du Fonds pour l\u2019environnement mondial (FEM) en mer M\u00e9diterran\u00e9e visant \u00e0 op\u00e9rationnaliser les actions prioritaires pour r\u00e9duire les principaux stress environnementaux transfrontaliers dans ses zones c\u00f4ti\u00e8res, tout en renfor\u00e7ant la r\u00e9silience climatique et la s\u00e9curit\u00e9 de l&#8217;eau et en am\u00e9liorant la sant\u00e9 et les moyens de subsistance des populations c\u00f4ti\u00e8res. Le SRL TTA vise \u00e0 \u00e9tablir les bases d&#8217;un d\u00e9veloppement durable de la zone c\u00f4ti\u00e8re dans le contexte du changement climatique, o\u00f9 la GIZC peut \u00eatre consid\u00e9r\u00e9e, avec l&#8217;am\u00e9nagement du territoire, comme l&#8217;instrument le plus important. Le Centre d&#8217;activit\u00e9s r\u00e9gionales\/ Programme d&#8217;actions prioritaires (CAR\/PAP), sp\u00e9cialis\u00e9 dans la gestion du littoral, est en charge de la pr\u00e9paration du SRL TTA avec l&#8217;aide des partenaires marocains nationaux et r\u00e9gionaux du Minist\u00e8re de la transition \u00e9nerg\u00e9tique et du d\u00e9veloppement durable et de partenaires internationaux qui sont le Plan Bleu, le GWP-Med et l\u2019UNESCO.<\/span><\/p>\n<p><span><\/span><\/p>\n<p>[\/et_pb_toggle][\/et_pb_column][\/et_pb_row][\/et_pb_section][et_pb_section fb_built=&#8221;1&#8243; _builder_version=&#8221;4.9.2&#8243; _module_preset=&#8221;default&#8221; background_color=&#8221;RGBA(0,0,0,0)&#8221; background_image=&#8221;https:\/\/coastday.net\/wp-content\/uploads\/2022\/09\/Belyounech-13.jpg&#8221; parallax=&#8221;on&#8221; parallax_method=&#8221;off&#8221; custom_padding=&#8221;52px||54px||false|&#8221; top_divider_style=&#8221;wave&#8221; top_divider_color=&#8221;#e2ba73&#8243; hover_enabled=&#8221;0&#8243; locked=&#8221;off&#8221; title_text=&#8221;Belyounech (13)&#8221; sticky_enabled=&#8221;0&#8243;][et_pb_row _builder_version=&#8221;4.9.2&#8243; _module_preset=&#8221;default&#8221; background_enable_color=&#8221;off&#8221; min_height=&#8221;231.6px&#8221; custom_padding=&#8221;28px||0px|||&#8221; border_radii=&#8221;on|88px|88px|88px|88px&#8221;][et_pb_column type=&#8221;4_4&#8243; _builder_version=&#8221;4.9.2&#8243; _module_preset=&#8221;default&#8221;][\/et_pb_column][\/et_pb_row][\/et_pb_section]<\/p>\n","protected":false},"excerpt":{"rendered":"<p>Le CAR\/PAP accompagne la r\u00e9gion Tanger-T\u00e9touan-Al Hoce\u00efma (TTA) au Marocdans l\u2019\u00e9laboration d\u2019un plan c\u00f4tier\/Sch\u00e9ma r\u00e9gional du littoral\u00a0Le Maroc est en partie g\u00e9ographiquement et enti\u00e8rement culturellement immerg\u00e9 dans la M\u00e9diterran\u00e9e. Il est d\u2019ailleurs un exemple parfait de l&#8217;essence m\u00e9diterran\u00e9enne. Sa r\u00e9putation date de l&#8217;\u00e9poque m\u00e9di\u00e9vale, lors de laquelle Ibn Batt\u016btah le d\u00e9crivait d\u00e9j\u00e0 comme &#8220;le meilleur [&hellip;]<\/p>\n","protected":false},"author":1,"featured_media":0,"parent":0,"menu_order":0,"comment_status":"closed","ping_status":"closed","template":"","meta":{"_et_pb_use_builder":"on","_et_pb_old_content":"","_et_gb_content_width":"","footnotes":""},"class_list":["post-1087","page","type-page","status-publish","hentry"],"_links":{"self":[{"href":"https:\/\/coastday.net\/index.php\/wp-json\/wp\/v2\/pages\/1087","targetHints":{"allow":["GET"]}}],"collection":[{"href":"https:\/\/coastday.net\/index.php\/wp-json\/wp\/v2\/pages"}],"about":[{"href":"https:\/\/coastday.net\/index.php\/wp-json\/wp\/v2\/types\/page"}],"author":[{"embeddable":true,"href":"https:\/\/coastday.net\/index.php\/wp-json\/wp\/v2\/users\/1"}],"replies":[{"embeddable":true,"href":"https:\/\/coastday.net\/index.php\/wp-json\/wp\/v2\/comments?post=1087"}],"version-history":[{"count":6,"href":"https:\/\/coastday.net\/index.php\/wp-json\/wp\/v2\/pages\/1087\/revisions"}],"predecessor-version":[{"id":1159,"href":"https:\/\/coastday.net\/index.php\/wp-json\/wp\/v2\/pages\/1087\/revisions\/1159"}],"wp:attachment":[{"href":"https:\/\/coastday.net\/index.php\/wp-json\/wp\/v2\/media?parent=1087"}],"curies":[{"name":"wp","href":"https:\/\/api.w.org\/{rel}","templated":true}]}}